{"id":1895,"date":"2020-04-23T07:21:53","date_gmt":"2020-04-23T07:21:53","guid":{"rendered":"https:\/\/www.medizinpluspflege.de\/?page_id=1895"},"modified":"2021-04-23T12:08:46","modified_gmt":"2021-04-23T12:08:46","slug":"die-kurzzeitpflege","status":"publish","type":"page","link":"https:\/\/www.medizinpluspflege.de\/?page_id=1895","title":{"rendered":"Die Kurzzeitpflege"},"content":{"rendered":"<p>[vc_row][vc_column][vc_column_text]Ebenso wie die Verhinderungspflege ist auch die \u201eKurzzeitpflege\u201c eine M\u00f6glichkeit, einen gewissen Zeitraum zu \u00fcberbr\u00fccken, in dem die gewohnte Versorgung nicht gesichert ist. Im Rahmen der Kurzzeitpflege kann eine pflegebed\u00fcrftige Person vor\u00fcbergehend in einer station\u00e4ren Pflegeeinrichtung aufgenommen werden, in der Kurzzeitpflege angeboten wird. Die Kosten f\u00fcr die Pflege \u00fcbernimmt in diesem Fall die Pflegekasse bis zu einer H\u00f6he von 1612\u20ac, allerdings m\u00fcssen, wie bei einem Einzug in ein Pflegeheim, die Kosten f\u00fcr Unterbringung und Verpflegung privat \u00fcbernommen werden. Die Kurzzeitpflege kann um 100% auf 3.224\u20ac aufgestockt werden, indem die Leistungen der Verhinderungspflege hierf\u00fcr verwendet werden. W\u00e4hrend der Inanspruchnahme der Kurzzeitpflege zahlt die Pflegekasse 50% des Pflegegeldes weiter.[\/vc_column_text][\/vc_column][\/vc_row]<\/p>\n","protected":false},"excerpt":{"rendered":"<p>[vc_row][vc_column][vc_column_text]Ebenso wie die Verhinderungspflege ist auch die \u201eKurzzeitpflege\u201c eine M\u00f6glichkeit, einen gewissen Zeitraum zu \u00fcberbr\u00fccken, in dem die gewohnte Versorgung nicht gesichert ist. Im Rahmen der Kurzzeitpflege kann eine pflegebed\u00fcrftige Person vor\u00fcbergehend in einer station\u00e4ren Pflegeeinrichtung aufgenommen werden, in der Kurzzeitpflege angeboten wird. Die Kosten f\u00fcr die Pflege \u00fcbernimmt in [&hellip;]<\/p>\n","protected":false},"author":1,"featured_media":0,"parent":0,"menu_order":0,"comment_status":"closed","ping_status":"closed","template":"","meta":{"footnotes":""},"class_list":["post-1895","page","type-page","status-publish","hentry"],"_links":{"self":[{"href":"https:\/\/www.medizinpluspflege.de\/index.php?rest_route=\/wp\/v2\/pages\/1895","targetHints":{"allow":["GET"]}}],"collection":[{"href":"https:\/\/www.medizinpluspflege.de\/index.php?rest_route=\/wp\/v2\/pages"}],"about":[{"href":"https:\/\/www.medizinpluspflege.de\/index.php?rest_route=\/wp\/v2\/types\/page"}],"author":[{"embeddable":true,"href":"https:\/\/www.medizinpluspflege.de\/index.php?rest_route=\/wp\/v2\/users\/1"}],"replies":[{"embeddable":true,"href":"https:\/\/www.medizinpluspflege.de\/index.php?rest_route=%2Fwp%2Fv2%2Fcomments&post=1895"}],"version-history":[{"count":2,"href":"https:\/\/www.medizinpluspflege.de\/index.php?rest_route=\/wp\/v2\/pages\/1895\/revisions"}],"predecessor-version":[{"id":2062,"href":"https:\/\/www.medizinpluspflege.de\/index.php?rest_route=\/wp\/v2\/pages\/1895\/revisions\/2062"}],"wp:attachment":[{"href":"https:\/\/www.medizinpluspflege.de\/index.php?rest_route=%2Fwp%2Fv2%2Fmedia&parent=1895"}],"curies":[{"name":"wp","href":"https:\/\/api.w.org\/{rel}","templated":true}]}}