{"id":1833,"date":"2020-04-21T11:47:07","date_gmt":"2020-04-21T11:47:07","guid":{"rendered":"https:\/\/www.medizinpluspflege.de\/?page_id=1833"},"modified":"2021-04-23T12:22:31","modified_gmt":"2021-04-23T12:22:31","slug":"angebot-fuer-firmen","status":"publish","type":"page","link":"https:\/\/www.medizinpluspflege.de\/?page_id=1833","title":{"rendered":"Angebot f\u00fcr Firmen"},"content":{"rendered":"<p>[vc_row][vc_column][vc_column_text]<span style=\"color: #3366ff;\"><strong>Pflege als Herausforderung f\u00fcr Unternehmen<\/strong><\/span><\/p>\n<p>F\u00fcr mehr und mehr Firmen und Unternehmer stellt sich die Herausforderung, dass Mitarbeiter Angeh\u00f6rige pflegen oder selbst, zumindest auf Zeit pflegebed\u00fcrftig werden.<\/p>\n<p>F\u00fcr Eltern und Alleinerziehende haben sich mittlerweile Angebote und L\u00f6sungen etabliert, die jedoch oft nicht auf Menschen anwendbar sind, die ihre Angeh\u00f6rigen pflegen.<\/p>\n<p>Wir k\u00f6nnen Sie in dieser Frage gern unterst\u00fctzen!<\/p>\n<p>Die\u00a0<span style=\"color: #3366ff;\"><strong>Medizin + Pflege GmbH\u00a0<\/strong><\/span><span style=\"color: #000000;\">entwickelt mit Ihnen ein Konzept, um Ihre Angestellten zum Thema Pflege zu beraten und ihnen Unterst\u00fctzung zu vermitteln. Unser Angebot k\u00f6nnen wir individuell an die Bed\u00fcrfnisse Ihres Unternehmens anpassen. Dazu bieten wir:<\/span><\/p>\n<ul>\n<li>Grundkurse zum Thema &#8222;Pflegeversicherung&#8220;, auch bei Ihnen vor Ort<\/li>\n<li>Pers\u00f6nliche Beratung betroffener Mitarbeiter durch geschulte Pflegeberater<\/li>\n<li>Individuelle Schulung pflegender Angeh\u00f6riger durch Pflegefachkr\u00e4fte in der eigenen H\u00e4uslichkeit<\/li>\n<li>Unterst\u00fctzung bei Antr\u00e4gen und Widerspr\u00fcchen<\/li>\n<li>Unterst\u00fctzung durch unseren ambulanten Pflegedienst<\/li>\n<li>Zusammenarbeit mit Betriebs-, Haus- und Fach\u00e4rzten<\/li>\n<li>Vermittlung weiterer Dienste<\/li>\n<\/ul>\n<p>Viele Angebote sind \u00fcber die Pflege- oder Krankenkasse finanzierbar.<\/p>\n<p>Sprechen Sie uns an f\u00fcr ein unverbindliches Beratungsgespr\u00e4ch![\/vc_column_text][\/vc_column][\/vc_row]<\/p>\n","protected":false},"excerpt":{"rendered":"<p>[vc_row][vc_column][vc_column_text]Pflege als Herausforderung f\u00fcr Unternehmen F\u00fcr mehr und mehr Firmen und Unternehmer stellt sich die Herausforderung, dass Mitarbeiter Angeh\u00f6rige pflegen oder selbst, zumindest auf Zeit pflegebed\u00fcrftig werden. F\u00fcr Eltern und Alleinerziehende haben sich mittlerweile Angebote und L\u00f6sungen etabliert, die jedoch oft nicht auf Menschen anwendbar sind, die ihre Angeh\u00f6rigen pflegen. [&hellip;]<\/p>\n","protected":false},"author":1,"featured_media":0,"parent":0,"menu_order":0,"comment_status":"closed","ping_status":"closed","template":"","meta":{"footnotes":""},"class_list":["post-1833","page","type-page","status-publish","hentry"],"_links":{"self":[{"href":"https:\/\/www.medizinpluspflege.de\/index.php?rest_route=\/wp\/v2\/pages\/1833","targetHints":{"allow":["GET"]}}],"collection":[{"href":"https:\/\/www.medizinpluspflege.de\/index.php?rest_route=\/wp\/v2\/pages"}],"about":[{"href":"https:\/\/www.medizinpluspflege.de\/index.php?rest_route=\/wp\/v2\/types\/page"}],"author":[{"embeddable":true,"href":"https:\/\/www.medizinpluspflege.de\/index.php?rest_route=\/wp\/v2\/users\/1"}],"replies":[{"embeddable":true,"href":"https:\/\/www.medizinpluspflege.de\/index.php?rest_route=%2Fwp%2Fv2%2Fcomments&post=1833"}],"version-history":[{"count":3,"href":"https:\/\/www.medizinpluspflege.de\/index.php?rest_route=\/wp\/v2\/pages\/1833\/revisions"}],"predecessor-version":[{"id":2079,"href":"https:\/\/www.medizinpluspflege.de\/index.php?rest_route=\/wp\/v2\/pages\/1833\/revisions\/2079"}],"wp:attachment":[{"href":"https:\/\/www.medizinpluspflege.de\/index.php?rest_route=%2Fwp%2Fv2%2Fmedia&parent=1833"}],"curies":[{"name":"wp","href":"https:\/\/api.w.org\/{rel}","templated":true}]}}